{"id":32184,"date":"2019-02-07T15:30:17","date_gmt":"2019-02-07T14:30:17","guid":{"rendered":"http:\/\/prosafedz.com\/fr\/?post_type=product&#038;p=32184"},"modified":"2024-05-15T16:53:23","modified_gmt":"2024-05-15T14:53:23","slug":"serre-tete-relevable-3-positions-coque-frontale-ref-60700","status":"publish","type":"product","link":"https:\/\/prosafedz.com\/fr\/produit\/serre-tete-relevable-3-positions-coque-frontale-ref-60700\/","title":{"rendered":"Serre-t\u00eate relevable, 3 positions, coque frontale R\u00e9f. : 60700"},"content":{"rendered":"<p>AVANTAGES\u00a0<\/strong><b>SP\u00c9CIFIQUES<\/b><\/p>\n<p>\u2022 Compatible avec les \u00e9crans r\u00e9f. 60710, 60711, 60713, 60720 et 60721<br \/>\n\u2022 Coque de protection<br \/>\n\u2022 Absorbeur de transpiration<br \/>\n\u2022 Relevable 3 positions<br \/>\n\u2022 R\u00e9glable<\/p>\n<p><strong>PRINCIPAUX DOMAINES D&rsquo;UTILISATION<\/strong><\/p>\n<p>\u2022 B\u00e2timent<br \/>\n\u2022 Travaux publics<br \/>\n\u2022 Industrie<br \/>\n\u2022 Agriculture et horticulture<\/p>\n<p><strong>CONDITIONNEMENT<\/strong><\/p>\n<p>\u2022 Bo\u00eete de 25 serre-t\u00eates<br \/>\n\u2022 Carton de 50 serre-t\u00eates<\/p>\n<p><strong>NORMALISATION<\/strong><\/p>\n<p>Ce serre-t\u00eate (test\u00e9 avec \u00e9cran) est conforme au mod\u00e8le de l\u2019\u00e9quipement de protection individuelle ayant fait l\u2019objet des attestation <strong>CE de type : 0501\/1747\/085\/06\/15\/0671 D\u00e9livr\u00e9e par CRITT SPORT ET LOISIRS (organisme n\u00b0 0501)<\/strong><\/p>\n","protected":false},"excerpt":{"rendered":"<p><strong>Serre-t\u00eate relevable, 3 positions, coque frontale R\u00e9f. : 60700<\/strong><br \/>\n<strong>DESCRIPTIF G\u00c9N\u00c9RAL ET MATI\u00c8RES<\/strong><\/p>\n<p>\u2022 Serre-t\u00eate jaune<br \/>\n\u2022 Relevable 3 positions<br \/>\n\u2022 R\u00e9glable par cr\u00e9maill\u00e8re<br \/>\n\u2022 Coque frontale de protection<br \/>\n\u2022 Permet l\u2019utilisation des \u00e9crans Visor<br \/>\n\u2022 Absorbeur de transpiration sur le front<\/p>\n<p><a href=\"https:\/\/prosafedz.com\/fr\/wp-content\/uploads\/2019\/02\/60700.pdf\n\" target=\"_blank\" rel=\"noopener noreferrer\"><button style=\"background-color: #90a96b; font-seize: 20px;\"><strong>T\u00e9l\u00e9charger La Fiche Technique<\/strong><\/button><\/a><\/p>\n","protected":false},"featured_media":32185,"template":"","meta":[],"product_brand":[],"product_cat":[718],"product_tag":[1049,1050,37,852,1051],"class_list":{"0":"post-32184","1":"product","2":"type-product","3":"status-publish","4":"has-post-thumbnail","6":"product_cat-1-3-casques-avec-protection-frontale","7":"product_tag-3-positions","8":"product_tag-coque-frontale-ref-60700","9":"product_tag-epi","10":"product_tag-equipement-protection-individuelle","11":"product_tag-serre-tete-relevable","12":"yith_product_brand-earline","14":"first","15":"instock","16":"shipping-taxable","17":"product-type-simple"},"_links":{"self":[{"href":"https:\/\/prosafedz.com\/fr\/wp-json\/wp\/v2\/product\/32184","targetHints":{"allow":["GET"]}}],"collection":[{"href":"https:\/\/prosafedz.com\/fr\/wp-json\/wp\/v2\/product"}],"about":[{"href":"https:\/\/prosafedz.com\/fr\/wp-json\/wp\/v2\/types\/product"}],"wp:featuredmedia":[{"embeddable":true,"href":"https:\/\/prosafedz.com\/fr\/wp-json\/wp\/v2\/media\/32185"}],"wp:attachment":[{"href":"https:\/\/prosafedz.com\/fr\/wp-json\/wp\/v2\/media?parent=32184"}],"wp:term":[{"taxonomy":"product_brand","embeddable":true,"href":"https:\/\/prosafedz.com\/fr\/wp-json\/wp\/v2\/product_brand?post=32184"},{"taxonomy":"product_cat","embeddable":true,"href":"https:\/\/prosafedz.com\/fr\/wp-json\/wp\/v2\/product_cat?post=32184"},{"taxonomy":"product_tag","embeddable":true,"href":"https:\/\/prosafedz.com\/fr\/wp-json\/wp\/v2\/product_tag?post=32184"}],"curies":[{"name":"wp","href":"https:\/\/api.w.org\/{rel}","templated":true}]}}